{"id":100157,"date":"2025-06-30T14:12:11","date_gmt":"2025-06-30T14:12:11","guid":{"rendered":"https:\/\/forumturistic.com\/continguts-2025\/"},"modified":"2025-07-03T09:07:09","modified_gmt":"2025-07-03T09:07:09","slug":"continguts-2025","status":"publish","type":"page","link":"https:\/\/forumturistic.com\/es\/continguts-2025\/","title":{"rendered":"Contenidos 2025"},"content":{"rendered":"\t\t<div data-elementor-type=\"wp-page\" data-elementor-id=\"100157\" class=\"elementor elementor-100157 elementor-100130\" data-elementor-post-type=\"page\">\n\t\t\t\t<div class=\"elementor-element elementor-element-3cf645c6 e-flex e-con-boxed e-con e-parent\" data-id=\"3cf645c6\" data-element_type=\"container\" data-e-type=\"container\">\n\t\t\t\t\t<div class=\"e-con-inner\">\n\t\t<div class=\"elementor-element elementor-element-ebc71fe e-con-full e-flex e-con e-child\" data-id=\"ebc71fe\" data-element_type=\"container\" data-e-type=\"container\">\n\t\t<div class=\"elementor-element elementor-element-0574164 e-grid e-con-boxed e-con e-child\" data-id=\"0574164\" data-element_type=\"container\" data-e-type=\"container\">\n\t\t\t\t\t<div class=\"e-con-inner\">\n\t\t\t\t<div class=\"elementor-element elementor-element-684bc88 elementor-widget elementor-widget-text-editor\" data-id=\"684bc88\" data-element_type=\"widget\" data-e-type=\"widget\" data-widget_type=\"text-editor.default\">\n\t\t\t\t<div class=\"elementor-widget-container\">\n\t\t\t\t\t\t\t\t\t<h4 style=\"text-align: center;\"><strong>La 13\u00aa edici\u00f3n del Forum TurisTIC tuvo lugar el <\/strong><strong>18 de junio al TBS de Barcelona<\/strong><\/h4><p><br \/>Celebrado bajo el lema: &#8216;<strong><strong><span style=\"color: #3463d4;\">Revoluci\u00f3n Gastron\u00f3mica y Turismo: <\/span><\/strong><\/strong><\/p><p><strong><strong><span style=\"color: #3463d4;\">Un viaje hacia la innovaci\u00f3n<\/span><\/strong>&#8216;, ha destacado las experiencias de turismo gastron\u00f3mico y enoturismo como\u00a0 generadores de proyectos innovadores y de valor para las comunidades locales.<br \/><br \/><strong>Para todas aquellas personas que no pudieron asistir, o que deseen recuperar alguna de las intervenciones , ya ten\u00e9is disponibles todos los contenidos disponibles.<\/strong><\/strong><\/p>\t\t\t\t\t\t\t\t<\/div>\n\t\t\t\t<\/div>\n\t\t\t\t<div class=\"elementor-element elementor-element-445f7c4 arrows-relative-to-box_area bullets-small-dot-stroke elementor-widget elementor-widget-the7_elements_carousel\" data-id=\"445f7c4\" data-element_type=\"widget\" data-e-type=\"widget\" data-settings=\"{&quot;widget_columns_wide_desktop&quot;:1,&quot;widget_columns&quot;:1,&quot;widget_columns_tablet&quot;:2,&quot;widget_columns_mobile&quot;:1,&quot;gap_between_posts&quot;:{&quot;unit&quot;:&quot;px&quot;,&quot;size&quot;:15,&quot;sizes&quot;:[]},&quot;gap_between_posts_tablet&quot;:{&quot;unit&quot;:&quot;px&quot;,&quot;size&quot;:&quot;&quot;,&quot;sizes&quot;:[]},&quot;gap_between_posts_mobile&quot;:{&quot;unit&quot;:&quot;px&quot;,&quot;size&quot;:&quot;&quot;,&quot;sizes&quot;:[]}}\" data-widget_type=\"the7_elements_carousel.default\">\n\t\t\t\t<div class=\"elementor-widget-container\">\n\t\t\t\t\t<div class=\"disable-arrows-hover-bg the7_elements_carousel-445f7c4 owl-carousel portfolio-carousel-shortcode elementor-owl-carousel-call portfolio-shortcode the7-elementor-widget content-bg-on classic-layout-list description-under-image quick-scale-img meta-info-off enable-bg-rollover\" data-scroll-mode=\"1\" data-auto-height=\"false\" data-speed=\"600\" data-autoplay=\"false\" data-autoplay_speed=\"\"><article class=\"post visible post-96708 type-post status-publish format-standard has-post-thumbnail hentry category-ediciones-anteriores-es\">\n\n\t<div class=\"post-thumbnail-wrap\">\n\t\t<div class=\"post-thumbnail\">\n\n\t\t\t<a class=\"post-thumbnail-rollover layzr-bg img-css-resize-wrapper\" aria-label=\"Post image\" href=\"https:\/\/forumturistic.com\/es\/1a-edicio-forum-turistic\/\"><img fetchpriority=\"high\" decoding=\"async\" width=\"1024\" height=\"768\" src=\"data:image\/svg+xml,%3Csvg%20xmlns%3D&#039;http%3A%2F%2Fwww.w3.org%2F2000%2Fsvg&#039;%20viewBox%3D&#039;0%200%201024%20768&#039;%2F%3E\" class=\"attachment-full size-full preload-me aspect lazy lazy-load\" alt=\"\" sizes=\"(max-width: 1024px) 100vw, 1024px\" style=\"--ratio: 1024 \/ 768;\" data-src=\"https:\/\/forumturistic.com\/wp-content\/uploads\/2025\/02\/Portada-entrada-1a-edicio.png\" loading=\"eager\" data-srcset=\"https:\/\/forumturistic.com\/wp-content\/uploads\/2025\/02\/Portada-entrada-1a-edicio.png 1024w, https:\/\/forumturistic.com\/wp-content\/uploads\/2025\/02\/Portada-entrada-1a-edicio-300x225.png 300w, https:\/\/forumturistic.com\/wp-content\/uploads\/2025\/02\/Portada-entrada-1a-edicio-768x576.png 768w\" \/><span class=\"the7-hover-icon\"><svg aria-hidden=\"true\" class=\"e-font-icon-svg e-fas-plus\" viewBox=\"0 0 448 512\" xmlns=\"http:\/\/www.w3.org\/2000\/svg\"><path d=\"M416 208H272V64c0-17.67-14.33-32-32-32h-32c-17.67 0-32 14.33-32 32v144H32c-17.67 0-32 14.33-32 32v32c0 17.67 14.33 32 32 32h144v144c0 17.67 14.33 32 32 32h32c17.67 0 32-14.33 32-32V304h144c17.67 0 32-14.33 32-32v-32c0-17.67-14.33-32-32-32z\"><\/path><\/svg><\/span><\/a>\n\t\t<\/div>\n\t<\/div>\n\n\n<div class=\"post-entry-content\">\n\n\t<h3 class=\"ele-entry-title\"><a href=\"https:\/\/forumturistic.com\/es\/1a-edicio-forum-turistic\/\" rel=\"bookmark\" title=\"1\u00aa edici\u00f3n \u00abForum TurisTIC\u00bb\">1\u00aa edici\u00f3n \u00abForum TurisTIC\u00bb<\/a><\/h3>\n<\/div><\/article><\/div><div class=\"owl-nav disabled\"><div class=\"owl-prev\" role=\"button\" tabindex=\"0\" aria-label=\"Prev slide\"><svg class=\"e-font-icon-svg e-fas-chevron-left\" viewBox=\"0 0 320 512\" xmlns=\"http:\/\/www.w3.org\/2000\/svg\"><path d=\"M34.52 239.03L228.87 44.69c9.37-9.37 24.57-9.37 33.94 0l22.67 22.67c9.36 9.36 9.37 24.52.04 33.9L131.49 256l154.02 154.75c9.34 9.38 9.32 24.54-.04 33.9l-22.67 22.67c-9.37 9.37-24.57 9.37-33.94 0L34.52 272.97c-9.37-9.37-9.37-24.57 0-33.94z\"><\/path><\/svg><\/div><div class=\"owl-next\" role=\"button\" tabindex=\"0\" aria-label=\"Next slide\"><svg class=\"e-font-icon-svg e-fas-chevron-right\" viewBox=\"0 0 320 512\" xmlns=\"http:\/\/www.w3.org\/2000\/svg\"><path d=\"M285.476 272.971L91.132 467.314c-9.373 9.373-24.569 9.373-33.941 0l-22.667-22.667c-9.357-9.357-9.375-24.522-.04-33.901L188.505 256 34.484 101.255c-9.335-9.379-9.317-24.544.04-33.901l22.667-22.667c9.373-9.373 24.569-9.373 33.941 0L285.475 239.03c9.373 9.372 9.373 24.568.001 33.941z\"><\/path><\/svg><\/div><\/div>\t\t\t\t<\/div>\n\t\t\t\t<\/div>\n\t\t\t\t\t<\/div>\n\t\t\t\t<\/div>\n\t\t\t\t<\/div>\n\t\t\t\t\t<\/div>\n\t\t\t\t<\/div>\n\t\t\t\t<\/div>\n\t\t","protected":false},"excerpt":{"rendered":"<p>La 13\u00aa edici\u00f3n del Forum TurisTIC tuvo lugar el 18 de junio al TBS de Barcelona Celebrado bajo el lema: &#8216;Revoluci\u00f3n Gastron\u00f3mica y Turismo: Un viaje hacia la innovaci\u00f3n&#8216;, ha destacado las experiencias de turismo gastron\u00f3mico y enoturismo como\u00a0 generadores de proyectos innovadores y de valor para las comunidades locales. Para todas aquellas personas que&hellip;<\/p>\n","protected":false},"author":3,"featured_media":97155,"parent":0,"menu_order":10,"comment_status":"closed","ping_status":"closed","template":"","meta":{"footnotes":""},"class_list":["post-100157","page","type-page","status-publish","has-post-thumbnail","hentry"],"_links":{"self":[{"href":"https:\/\/forumturistic.com\/es\/wp-json\/wp\/v2\/pages\/100157","targetHints":{"allow":["GET"]}}],"collection":[{"href":"https:\/\/forumturistic.com\/es\/wp-json\/wp\/v2\/pages"}],"about":[{"href":"https:\/\/forumturistic.com\/es\/wp-json\/wp\/v2\/types\/page"}],"author":[{"embeddable":true,"href":"https:\/\/forumturistic.com\/es\/wp-json\/wp\/v2\/users\/3"}],"replies":[{"embeddable":true,"href":"https:\/\/forumturistic.com\/es\/wp-json\/wp\/v2\/comments?post=100157"}],"version-history":[{"count":1,"href":"https:\/\/forumturistic.com\/es\/wp-json\/wp\/v2\/pages\/100157\/revisions"}],"predecessor-version":[{"id":100333,"href":"https:\/\/forumturistic.com\/es\/wp-json\/wp\/v2\/pages\/100157\/revisions\/100333"}],"wp:featuredmedia":[{"embeddable":true,"href":"https:\/\/forumturistic.com\/es\/wp-json\/wp\/v2\/media\/97155"}],"wp:attachment":[{"href":"https:\/\/forumturistic.com\/es\/wp-json\/wp\/v2\/media?parent=100157"}],"curies":[{"name":"wp","href":"https:\/\/api.w.org\/{rel}","templated":true}]}}