{"id":96711,"date":"2020-10-25T17:11:09","date_gmt":"2020-10-25T17:11:09","guid":{"rendered":"https:\/\/pre.forumturistic.com\/edicions-anteriors\/"},"modified":"2025-03-03T09:21:45","modified_gmt":"2025-03-03T09:21:45","slug":"ediciones-anteriores","status":"publish","type":"page","link":"https:\/\/forumturistic.com\/es\/ediciones-anteriores\/","title":{"rendered":"Ed.Anteriores"},"content":{"rendered":"\t\t<div data-elementor-type=\"wp-page\" data-elementor-id=\"96711\" class=\"elementor elementor-96711 elementor-5946\" data-elementor-post-type=\"page\">\n\t\t\t\t\t\t<section class=\"elementor-section elementor-top-section elementor-element elementor-element-65a1089 elementor-reverse-tablet elementor-reverse-mobile elementor-section-height-min-height elementor-section-items-stretch elementor-section-boxed elementor-section-height-default\" data-id=\"65a1089\" data-element_type=\"section\" data-e-type=\"section\" data-settings=\"{&quot;background_background&quot;:&quot;gradient&quot;}\">\n\t\t\t\t\t\t\t<div class=\"elementor-background-overlay\"><\/div>\n\t\t\t\t\t\t\t<div class=\"elementor-container elementor-column-gap-wider\">\n\t\t\t\t\t<div class=\"elementor-column elementor-col-100 elementor-top-column elementor-element elementor-element-78cd6db\" data-id=\"78cd6db\" data-element_type=\"column\" data-e-type=\"column\">\n\t\t\t<div class=\"elementor-widget-wrap elementor-element-populated\">\n\t\t\t\t\t\t<div class=\"elementor-element elementor-element-db83049 elementor-widget elementor-widget-the7-heading\" data-id=\"db83049\" data-element_type=\"widget\" data-e-type=\"widget\" data-widget_type=\"the7-heading.default\">\n\t\t\t\t<div class=\"elementor-widget-container\">\n\t\t\t\t\t<h2 class=\"the7-heading-title elementor-size-default\">EDICIONES ANTERIORES<\/h2>\t\t\t\t<\/div>\n\t\t\t\t<\/div>\n\t\t\t\t\t<\/div>\n\t\t<\/div>\n\t\t\t\t\t<\/div>\n\t\t<\/section>\n\t\t<div class=\"elementor-element elementor-element-396d7dd e-flex e-con-boxed e-con e-parent\" data-id=\"396d7dd\" data-element_type=\"container\" data-e-type=\"container\">\n\t\t\t\t\t<div class=\"e-con-inner\">\n\t\t\t\t<div class=\"elementor-element elementor-element-2584fd0 elementor-widget elementor-widget-the7_elements\" data-id=\"2584fd0\" data-element_type=\"widget\" data-e-type=\"widget\" data-widget_type=\"the7_elements.default\">\n\t\t\t\t<div class=\"elementor-widget-container\">\n\t\t\t\t\t<div class=\"portfolio-shortcode the7-elementor-widget the7_elements-2584fd0 mode-grid dt-css-grid-wrap classic-layout-list description-under-image quick-scale-img content-bg-on enable-bg-rollover resize-by-browser-width loading-effect-move-up jquery-filter\" data-padding=\"15px\" data-mobile-columns-num=\"1\" data-tablet-columns-num=\"2\" data-desktop-columns-num=\"3\" data-wide-desktop-columns-num=\"3\" data-post-limit=\"-1\" data-pagination-mode=\"none\" data-scroll-offset=\"\" aria-live=\"assertive\"><div class=\"dt-css-grid custom-pagination-handler\"><div class=\"visible wf-cell\" data-post-id=\"100000\" data-date=\"2025-01-20T16:00:31+00:00\" data-name=\"13\u00aa edici\u00f3n &quot;Revoluci\u00f3n Gastron\u00f3mica y Turismo: un viaje hacia la innovaci\u00f3n&quot;\"><article class=\"post visible post-100000 type-post status-publish format-standard has-post-thumbnail hentry category-ediciones-anteriores-es\" data-name=\"13\u00aa edici\u00f3n \u00abRevoluci\u00f3n Gastron\u00f3mica y Turismo: un viaje hacia la innovaci\u00f3n\u00bb\" data-date=\"2025-01-20T16:00:31+00:00\">\n\n\t<div class=\"post-thumbnail-wrap\">\n\t\t<div class=\"post-thumbnail\">\n\n\t\t\t<a class=\"post-thumbnail-rollover layzr-bg img-css-resize-wrapper\" aria-label=\"Post image\" href=\"https:\/\/forumturistic.com\/es\/13a-edicio-revolucio-gastronomica-i-turisme-un-viatge-cap-a-la-innovacio\/\"><img fetchpriority=\"high\" decoding=\"async\" width=\"1024\" height=\"768\" src=\"data:image\/svg+xml,%3Csvg%20xmlns%3D&#039;http%3A%2F%2Fwww.w3.org%2F2000%2Fsvg&#039;%20viewBox%3D&#039;0%200%201024%20768&#039;%2F%3E\" class=\"attachment-full size-full preload-me aspect lazy lazy-load\" alt=\"\" sizes=\"(max-width: 1024px) 100vw, 1024px\" style=\"--ratio: 1024 \/ 768;\" data-src=\"https:\/\/forumturistic.com\/wp-content\/uploads\/2025\/01\/Web-edicions-anteriors-2025-1.jpg\" loading=\"eager\" data-srcset=\"https:\/\/forumturistic.com\/wp-content\/uploads\/2025\/01\/Web-edicions-anteriors-2025-1.jpg 1024w, https:\/\/forumturistic.com\/wp-content\/uploads\/2025\/01\/Web-edicions-anteriors-2025-1-300x225.jpg 300w, https:\/\/forumturistic.com\/wp-content\/uploads\/2025\/01\/Web-edicions-anteriors-2025-1-768x576.jpg 768w\" \/><\/a>\n\t\t<\/div>\n\t<\/div>\n\n\n<div class=\"post-entry-content\">\n\n\t<h3 class=\"ele-entry-title\"><a href=\"https:\/\/forumturistic.com\/es\/13a-edicio-revolucio-gastronomica-i-turisme-un-viatge-cap-a-la-innovacio\/\" rel=\"bookmark\" title=\"13\u00aa edici\u00f3n \u00abRevoluci\u00f3n Gastron\u00f3mica y Turismo: un viaje hacia la innovaci\u00f3n\u00bb\">13\u00aa edici\u00f3n \u00abRevoluci\u00f3n Gastron\u00f3mica y Turismo: un viaje hacia la innovaci\u00f3n\u00bb<\/a><\/h3><div class=\"entry-meta\"><\/div><div class=\"entry-excerpt\"><p>Barcelona, 18 juny 2025<\/p>\n<\/div><a href=\"https:\/\/forumturistic.com\/es\/13a-edicio-revolucio-gastronomica-i-turisme-un-viatge-cap-a-la-innovacio\/\" target=\"\" aria-label=\"Read more about 13\u00aa edici\u00f3n \u00abRevoluci\u00f3n Gastron\u00f3mica y Turismo: un viaje hacia la innovaci\u00f3n\u00bb\" class=\"box-button elementor-button elementor-size-sm\">M\u00e1s informaci\u00f3n<\/a>\n<\/div><\/article><\/div><div class=\"visible wf-cell\" data-post-id=\"96769\" data-date=\"2025-01-20T16:13:02+00:00\" data-name=\"12\u00aa edici\u00f3n &quot;El superpoder del turismo en la conservaci\u00f3n del planeta&quot;\"><article class=\"post visible post-96769 type-post status-publish format-standard has-post-thumbnail hentry category-ediciones-anteriores-es\" data-name=\"12\u00aa edici\u00f3n \u00abEl superpoder del turismo en la conservaci\u00f3n del planeta\u00bb\" data-date=\"2025-01-20T16:13:02+00:00\">\n\n\t<div class=\"post-thumbnail-wrap\">\n\t\t<div class=\"post-thumbnail\">\n\n\t\t\t<a class=\"post-thumbnail-rollover layzr-bg img-css-resize-wrapper\" aria-label=\"Post image\" href=\"https:\/\/forumturistic.com\/es\/12a-edicio-el-superpoder-del-turisme-en-la-conservacio-del-planeta\/\"><img decoding=\"async\" width=\"1024\" height=\"768\" src=\"data:image\/svg+xml,%3Csvg%20xmlns%3D&#039;http%3A%2F%2Fwww.w3.org%2F2000%2Fsvg&#039;%20viewBox%3D&#039;0%200%201024%20768&#039;%2F%3E\" class=\"attachment-full size-full preload-me aspect lazy lazy-load\" alt=\"\" sizes=\"(max-width: 1024px) 100vw, 1024px\" style=\"--ratio: 1024 \/ 768;\" data-src=\"https:\/\/forumturistic.com\/wp-content\/uploads\/2025\/01\/TURISTIC-BANNER-1024X768-CAT.png\" loading=\"eager\" data-srcset=\"https:\/\/forumturistic.com\/wp-content\/uploads\/2025\/01\/TURISTIC-BANNER-1024X768-CAT.png 1024w, https:\/\/forumturistic.com\/wp-content\/uploads\/2025\/01\/TURISTIC-BANNER-1024X768-CAT-300x225.png 300w, https:\/\/forumturistic.com\/wp-content\/uploads\/2025\/01\/TURISTIC-BANNER-1024X768-CAT-768x576.png 768w\" \/><\/a>\n\t\t<\/div>\n\t<\/div>\n\n\n<div class=\"post-entry-content\">\n\n\t<h3 class=\"ele-entry-title\"><a href=\"https:\/\/forumturistic.com\/es\/12a-edicio-el-superpoder-del-turisme-en-la-conservacio-del-planeta\/\" rel=\"bookmark\" title=\"12\u00aa edici\u00f3n \u00abEl superpoder del turismo en la conservaci\u00f3n del planeta\u00bb\">12\u00aa edici\u00f3n \u00abEl superpoder del turismo en la conservaci\u00f3n del planeta\u00bb<\/a><\/h3><div class=\"entry-meta\"><\/div><div class=\"entry-excerpt\"><p>Barcelona, 3 Octubre 2024<\/p>\n<\/div><a href=\"https:\/\/forumturistic.com\/es\/12a-edicio-el-superpoder-del-turisme-en-la-conservacio-del-planeta\/\" target=\"\" aria-label=\"Read more about 12\u00aa edici\u00f3n \u00abEl superpoder del turismo en la conservaci\u00f3n del planeta\u00bb\" class=\"box-button elementor-button elementor-size-sm\">M\u00e1s informaci\u00f3n<\/a>\n<\/div><\/article><\/div><div class=\"visible wf-cell\" data-post-id=\"96765\" data-date=\"2025-02-03T11:46:52+00:00\" data-name=\"11\u00aa edici\u00f3n &quot;Inteligencia Artificial Aplicada al Turismo&quot;\"><article class=\"post visible post-96765 type-post status-publish format-standard has-post-thumbnail hentry category-ediciones-anteriores-es\" data-name=\"11\u00aa edici\u00f3n \u00abInteligencia Artificial Aplicada al Turismo\u00bb\" data-date=\"2025-02-03T11:46:52+00:00\">\n\n\t<div class=\"post-thumbnail-wrap\">\n\t\t<div class=\"post-thumbnail\">\n\n\t\t\t<a class=\"post-thumbnail-rollover layzr-bg img-css-resize-wrapper\" aria-label=\"Post image\" href=\"https:\/\/forumturistic.com\/es\/11a-edicio-intelligencia-artificial-aplicada-al-turisme\/\"><img decoding=\"async\" width=\"1024\" height=\"768\" src=\"data:image\/svg+xml,%3Csvg%20xmlns%3D&#039;http%3A%2F%2Fwww.w3.org%2F2000%2Fsvg&#039;%20viewBox%3D&#039;0%200%201024%20768&#039;%2F%3E\" class=\"attachment-full size-full preload-me aspect lazy lazy-load\" alt=\"\" sizes=\"(max-width: 1024px) 100vw, 1024px\" style=\"--ratio: 1024 \/ 768;\" data-src=\"https:\/\/forumturistic.com\/wp-content\/uploads\/2025\/02\/Portada-entrada-11a-edicio.png\" loading=\"eager\" data-srcset=\"https:\/\/forumturistic.com\/wp-content\/uploads\/2025\/02\/Portada-entrada-11a-edicio.png 1024w, https:\/\/forumturistic.com\/wp-content\/uploads\/2025\/02\/Portada-entrada-11a-edicio-300x225.png 300w, https:\/\/forumturistic.com\/wp-content\/uploads\/2025\/02\/Portada-entrada-11a-edicio-768x576.png 768w\" \/><\/a>\n\t\t<\/div>\n\t<\/div>\n\n\n<div class=\"post-entry-content\">\n\n\t<h3 class=\"ele-entry-title\"><a href=\"https:\/\/forumturistic.com\/es\/11a-edicio-intelligencia-artificial-aplicada-al-turisme\/\" rel=\"bookmark\" title=\"11\u00aa edici\u00f3n \u00abInteligencia Artificial Aplicada al Turismo\u00bb\">11\u00aa edici\u00f3n \u00abInteligencia Artificial Aplicada al Turismo\u00bb<\/a><\/h3><div class=\"entry-meta\"><\/div><div class=\"entry-excerpt\"><p>Barcelona, 29 Setiembre 2023<\/p>\n<\/div><a href=\"https:\/\/forumturistic.com\/es\/11a-edicio-intelligencia-artificial-aplicada-al-turisme\/\" target=\"\" aria-label=\"Read more about 11\u00aa edici\u00f3n \u00abInteligencia Artificial Aplicada al Turismo\u00bb\" class=\"box-button elementor-button elementor-size-sm\">M\u00e1s informaci\u00f3n<\/a>\n<\/div><\/article><\/div><div class=\"visible wf-cell\" data-post-id=\"96761\" data-date=\"2025-02-03T13:17:34+00:00\" data-name=\"10\u00aa edici\u00f3n &quot;Turismo e Innovaci\u00f3n: Reflexiones&quot;\"><article class=\"post visible post-96761 type-post status-publish format-standard has-post-thumbnail hentry category-ediciones-anteriores-es\" data-name=\"10\u00aa edici\u00f3n \u00abTurismo e Innovaci\u00f3n: Reflexiones\u00bb\" data-date=\"2025-02-03T13:17:34+00:00\">\n\n\t<div class=\"post-thumbnail-wrap\">\n\t\t<div class=\"post-thumbnail\">\n\n\t\t\t<a class=\"post-thumbnail-rollover layzr-bg img-css-resize-wrapper\" aria-label=\"Post image\" href=\"https:\/\/forumturistic.com\/es\/10a-edicio-turisme-innovacio-reflexions\/\"><img decoding=\"async\" width=\"1024\" height=\"768\" src=\"data:image\/svg+xml,%3Csvg%20xmlns%3D&#039;http%3A%2F%2Fwww.w3.org%2F2000%2Fsvg&#039;%20viewBox%3D&#039;0%200%201024%20768&#039;%2F%3E\" class=\"attachment-full size-full preload-me aspect lazy lazy-load\" alt=\"\" sizes=\"(max-width: 1024px) 100vw, 1024px\" style=\"--ratio: 1024 \/ 768;\" data-src=\"https:\/\/forumturistic.com\/wp-content\/uploads\/2025\/02\/Portada-entrada-10a-edicio-1.png\" loading=\"eager\" data-srcset=\"https:\/\/forumturistic.com\/wp-content\/uploads\/2025\/02\/Portada-entrada-10a-edicio-1.png 1024w, https:\/\/forumturistic.com\/wp-content\/uploads\/2025\/02\/Portada-entrada-10a-edicio-1-300x225.png 300w, https:\/\/forumturistic.com\/wp-content\/uploads\/2025\/02\/Portada-entrada-10a-edicio-1-768x576.png 768w\" \/><\/a>\n\t\t<\/div>\n\t<\/div>\n\n\n<div class=\"post-entry-content\">\n\n\t<h3 class=\"ele-entry-title\"><a href=\"https:\/\/forumturistic.com\/es\/10a-edicio-turisme-innovacio-reflexions\/\" rel=\"bookmark\" title=\"10\u00aa edici\u00f3n \u00abTurismo e Innovaci\u00f3n: Reflexiones\u00bb\">10\u00aa edici\u00f3n \u00abTurismo e Innovaci\u00f3n: Reflexiones\u00bb<\/a><\/h3><div class=\"entry-meta\"><\/div><div class=\"entry-excerpt\"><p>Barcelona, 10 Mayo 2022<\/p>\n<\/div><a href=\"https:\/\/forumturistic.com\/es\/10a-edicio-turisme-innovacio-reflexions\/\" target=\"\" aria-label=\"Read more about 10\u00aa edici\u00f3n \u00abTurismo e Innovaci\u00f3n: Reflexiones\u00bb\" class=\"box-button elementor-button elementor-size-sm\">M\u00e1s informaci\u00f3n<\/a>\n<\/div><\/article><\/div><div class=\"visible wf-cell\" data-post-id=\"96757\" data-date=\"2025-02-03T15:30:00+00:00\" data-name=\"9\u00aa edici\u00f3n &quot;Turismo 2021: Hacia la transformaci\u00f3n digital y ecol\u00f3gica. Los retos post pandemia&quot;\"><article class=\"post visible post-96757 type-post status-publish format-standard has-post-thumbnail hentry category-ediciones-anteriores-es\" data-name=\"9\u00aa edici\u00f3n \u00abTurismo 2021: Hacia la transformaci\u00f3n digital y ecol\u00f3gica. Los retos post pandemia\u00bb\" data-date=\"2025-02-03T15:30:00+00:00\">\n\n\t<div class=\"post-thumbnail-wrap\">\n\t\t<div class=\"post-thumbnail\">\n\n\t\t\t<a class=\"post-thumbnail-rollover layzr-bg img-css-resize-wrapper\" aria-label=\"Post image\" href=\"https:\/\/forumturistic.com\/es\/9a-edicio-turisme-2021-cap-a-la-transformacio-digital-i-ecologica-els-reptes-postpandemia\/\"><img decoding=\"async\" width=\"1024\" height=\"768\" src=\"data:image\/svg+xml,%3Csvg%20xmlns%3D&#039;http%3A%2F%2Fwww.w3.org%2F2000%2Fsvg&#039;%20viewBox%3D&#039;0%200%201024%20768&#039;%2F%3E\" class=\"attachment-full size-full preload-me aspect lazy lazy-load\" alt=\"\" sizes=\"(max-width: 1024px) 100vw, 1024px\" style=\"--ratio: 1024 \/ 768;\" data-src=\"https:\/\/forumturistic.com\/wp-content\/uploads\/2025\/02\/Portada-entrada-9a-edicio.png\" loading=\"eager\" data-srcset=\"https:\/\/forumturistic.com\/wp-content\/uploads\/2025\/02\/Portada-entrada-9a-edicio.png 1024w, https:\/\/forumturistic.com\/wp-content\/uploads\/2025\/02\/Portada-entrada-9a-edicio-300x225.png 300w, https:\/\/forumturistic.com\/wp-content\/uploads\/2025\/02\/Portada-entrada-9a-edicio-768x576.png 768w\" \/><\/a>\n\t\t<\/div>\n\t<\/div>\n\n\n<div class=\"post-entry-content\">\n\n\t<h3 class=\"ele-entry-title\"><a href=\"https:\/\/forumturistic.com\/es\/9a-edicio-turisme-2021-cap-a-la-transformacio-digital-i-ecologica-els-reptes-postpandemia\/\" rel=\"bookmark\" title=\"9\u00aa edici\u00f3n \u00abTurismo 2021: Hacia la transformaci\u00f3n digital y ecol\u00f3gica. Los retos post pandemia\u00bb\">9\u00aa edici\u00f3n \u00abTurismo 2021: Hacia la transformaci\u00f3n digital y ecol\u00f3gica. Los retos post pandemia\u00bb<\/a><\/h3><div class=\"entry-meta\"><\/div><div class=\"entry-excerpt\"><p>Barcelona, 22 Junio 2021<\/p>\n<\/div><a href=\"https:\/\/forumturistic.com\/es\/9a-edicio-turisme-2021-cap-a-la-transformacio-digital-i-ecologica-els-reptes-postpandemia\/\" target=\"\" aria-label=\"Read more about 9\u00aa edici\u00f3n \u00abTurismo 2021: Hacia la transformaci\u00f3n digital y ecol\u00f3gica. Los retos post pandemia\u00bb\" class=\"box-button elementor-button elementor-size-sm\">M\u00e1s informaci\u00f3n<\/a>\n<\/div><\/article><\/div><div class=\"visible wf-cell\" data-post-id=\"96753\" data-date=\"2025-02-03T15:35:03+00:00\" data-name=\"8\u00aa edici\u00f3n &quot;Hacia nuevos modelos tur\u00edsticos. Soluciones tecnol\u00f3gicas orientadas a la desconcentraci\u00f3n y desestacionalizaci\u00f3n tur\u00edstica&quot;\"><article class=\"post visible post-96753 type-post status-publish format-standard has-post-thumbnail hentry category-ediciones-anteriores-es\" data-name=\"8\u00aa edici\u00f3n \u00abHacia nuevos modelos tur\u00edsticos. Soluciones tecnol\u00f3gicas orientadas a la desconcentraci\u00f3n y desestacionalizaci\u00f3n tur\u00edstica\u00bb\" data-date=\"2025-02-03T15:35:03+00:00\">\n\n\t<div class=\"post-thumbnail-wrap\">\n\t\t<div class=\"post-thumbnail\">\n\n\t\t\t<a class=\"post-thumbnail-rollover layzr-bg img-css-resize-wrapper\" aria-label=\"Post image\" href=\"https:\/\/forumturistic.com\/es\/8a-edicio-cap-a-nous-models-turistics-solucions-tecnologiques-orientades-a-la-desconcentracio-i-desestacionalitzacio-turistica-2\/\"><img decoding=\"async\" width=\"1024\" height=\"768\" src=\"data:image\/svg+xml,%3Csvg%20xmlns%3D&#039;http%3A%2F%2Fwww.w3.org%2F2000%2Fsvg&#039;%20viewBox%3D&#039;0%200%201024%20768&#039;%2F%3E\" class=\"attachment-full size-full preload-me aspect lazy lazy-load\" alt=\"\" sizes=\"(max-width: 1024px) 100vw, 1024px\" style=\"--ratio: 1024 \/ 768;\" data-src=\"https:\/\/forumturistic.com\/wp-content\/uploads\/2025\/02\/Portada-entrada-8a-edicio.png\" loading=\"eager\" data-srcset=\"https:\/\/forumturistic.com\/wp-content\/uploads\/2025\/02\/Portada-entrada-8a-edicio.png 1024w, https:\/\/forumturistic.com\/wp-content\/uploads\/2025\/02\/Portada-entrada-8a-edicio-300x225.png 300w, https:\/\/forumturistic.com\/wp-content\/uploads\/2025\/02\/Portada-entrada-8a-edicio-768x576.png 768w\" \/><\/a>\n\t\t<\/div>\n\t<\/div>\n\n\n<div class=\"post-entry-content\">\n\n\t<h3 class=\"ele-entry-title\"><a href=\"https:\/\/forumturistic.com\/es\/8a-edicio-cap-a-nous-models-turistics-solucions-tecnologiques-orientades-a-la-desconcentracio-i-desestacionalitzacio-turistica-2\/\" rel=\"bookmark\" title=\"8\u00aa edici\u00f3n \u00abHacia nuevos modelos tur\u00edsticos. Soluciones tecnol\u00f3gicas orientadas a la desconcentraci\u00f3n y desestacionalizaci\u00f3n tur\u00edstica\u00bb\">8\u00aa edici\u00f3n \u00abHacia nuevos modelos tur\u00edsticos. Soluciones tecnol\u00f3gicas orientadas a la desconcentraci\u00f3n y desestacionalizaci\u00f3n tur\u00edstica\u00bb<\/a><\/h3><div class=\"entry-meta\"><\/div><div class=\"entry-excerpt\"><p>Barcelona, 13 Octubre 2020<\/p>\n<\/div><a href=\"https:\/\/forumturistic.com\/es\/8a-edicio-cap-a-nous-models-turistics-solucions-tecnologiques-orientades-a-la-desconcentracio-i-desestacionalitzacio-turistica-2\/\" target=\"\" aria-label=\"Read more about 8\u00aa edici\u00f3n \u00abHacia nuevos modelos tur\u00edsticos. Soluciones tecnol\u00f3gicas orientadas a la desconcentraci\u00f3n y desestacionalizaci\u00f3n tur\u00edstica\u00bb\" class=\"box-button elementor-button elementor-size-sm\">M\u00e1s informaci\u00f3n<\/a>\n<\/div><\/article><\/div><div class=\"visible wf-cell\" data-post-id=\"96748\" data-date=\"2025-02-03T15:40:02+00:00\" data-name=\"7\u00aa edici\u00f3n &quot;Tech &amp; New Skills: Changing the tourism industry&quot;\"><article class=\"post visible post-96748 type-post status-publish format-standard has-post-thumbnail hentry category-ediciones-anteriores-es\" data-name=\"7\u00aa edici\u00f3n \u00abTech &#038; New Skills: Changing the tourism industry\u00bb\" data-date=\"2025-02-03T15:40:02+00:00\">\n\n\t<div class=\"post-thumbnail-wrap\">\n\t\t<div class=\"post-thumbnail\">\n\n\t\t\t<a class=\"post-thumbnail-rollover layzr-bg img-css-resize-wrapper\" aria-label=\"Post image\" href=\"https:\/\/forumturistic.com\/es\/7a-edicio-tech-skills\/\"><img decoding=\"async\" width=\"1024\" height=\"768\" src=\"data:image\/svg+xml,%3Csvg%20xmlns%3D&#039;http%3A%2F%2Fwww.w3.org%2F2000%2Fsvg&#039;%20viewBox%3D&#039;0%200%201024%20768&#039;%2F%3E\" class=\"attachment-full size-full preload-me aspect lazy lazy-load\" alt=\"\" sizes=\"(max-width: 1024px) 100vw, 1024px\" style=\"--ratio: 1024 \/ 768;\" data-src=\"https:\/\/forumturistic.com\/wp-content\/uploads\/2025\/02\/Portada-entrada-7a-edicio.png\" loading=\"eager\" data-srcset=\"https:\/\/forumturistic.com\/wp-content\/uploads\/2025\/02\/Portada-entrada-7a-edicio.png 1024w, https:\/\/forumturistic.com\/wp-content\/uploads\/2025\/02\/Portada-entrada-7a-edicio-300x225.png 300w, https:\/\/forumturistic.com\/wp-content\/uploads\/2025\/02\/Portada-entrada-7a-edicio-768x576.png 768w\" \/><\/a>\n\t\t<\/div>\n\t<\/div>\n\n\n<div class=\"post-entry-content\">\n\n\t<h3 class=\"ele-entry-title\"><a href=\"https:\/\/forumturistic.com\/es\/7a-edicio-tech-skills\/\" rel=\"bookmark\" title=\"7\u00aa edici\u00f3n \u00abTech &#038; New Skills: Changing the tourism industry\u00bb\">7\u00aa edici\u00f3n \u00abTech &#038; New Skills: Changing the tourism industry\u00bb<\/a><\/h3><div class=\"entry-meta\"><\/div><div class=\"entry-excerpt\"><p>Barcelona, 26 Marzo 2019<\/p>\n<\/div><a href=\"https:\/\/forumturistic.com\/es\/7a-edicio-tech-skills\/\" target=\"\" aria-label=\"Read more about 7\u00aa edici\u00f3n \u00abTech &#038; New Skills: Changing the tourism industry\u00bb\" class=\"box-button elementor-button elementor-size-sm\">M\u00e1s informaci\u00f3n<\/a>\n<\/div><\/article><\/div><div class=\"visible wf-cell\" data-post-id=\"96739\" data-date=\"2025-02-04T14:56:43+00:00\" data-name=\"6\u00aa edici\u00f3n &quot;El viatge tecnol\u00f2gic dels M\u00fcller&quot;\"><article class=\"post visible post-96739 type-post status-publish format-standard has-post-thumbnail hentry category-ediciones-anteriores-es\" data-name=\"6\u00aa edici\u00f3n \u00abEl viatge tecnol\u00f2gic dels M\u00fcller\u00bb\" data-date=\"2025-02-04T14:56:43+00:00\">\n\n\t<div class=\"post-thumbnail-wrap\">\n\t\t<div class=\"post-thumbnail\">\n\n\t\t\t<a class=\"post-thumbnail-rollover layzr-bg img-css-resize-wrapper\" aria-label=\"Post image\" href=\"https:\/\/forumturistic.com\/es\/6a-edicio-el-viatge-tecnologic-dels-muller\/\"><img decoding=\"async\" width=\"1024\" height=\"768\" src=\"data:image\/svg+xml,%3Csvg%20xmlns%3D&#039;http%3A%2F%2Fwww.w3.org%2F2000%2Fsvg&#039;%20viewBox%3D&#039;0%200%201024%20768&#039;%2F%3E\" class=\"attachment-full size-full preload-me aspect lazy lazy-load\" alt=\"\" sizes=\"(max-width: 1024px) 100vw, 1024px\" style=\"--ratio: 1024 \/ 768;\" data-src=\"https:\/\/forumturistic.com\/wp-content\/uploads\/2025\/02\/Portada-entrada-6a-edicio.png\" loading=\"eager\" data-srcset=\"https:\/\/forumturistic.com\/wp-content\/uploads\/2025\/02\/Portada-entrada-6a-edicio.png 1024w, https:\/\/forumturistic.com\/wp-content\/uploads\/2025\/02\/Portada-entrada-6a-edicio-300x225.png 300w, https:\/\/forumturistic.com\/wp-content\/uploads\/2025\/02\/Portada-entrada-6a-edicio-768x576.png 768w\" \/><\/a>\n\t\t<\/div>\n\t<\/div>\n\n\n<div class=\"post-entry-content\">\n\n\t<h3 class=\"ele-entry-title\"><a href=\"https:\/\/forumturistic.com\/es\/6a-edicio-el-viatge-tecnologic-dels-muller\/\" rel=\"bookmark\" title=\"6\u00aa edici\u00f3n \u00abEl viatge tecnol\u00f2gic dels M\u00fcller\u00bb\">6\u00aa edici\u00f3n \u00abEl viatge tecnol\u00f2gic dels M\u00fcller\u00bb<\/a><\/h3><div class=\"entry-meta\"><\/div><div class=\"entry-excerpt\"><p>Barcelona, 10 y 11 Abril 2018<\/p>\n<\/div><a href=\"https:\/\/forumturistic.com\/es\/6a-edicio-el-viatge-tecnologic-dels-muller\/\" target=\"\" aria-label=\"Read more about 6\u00aa edici\u00f3n \u00abEl viatge tecnol\u00f2gic dels M\u00fcller\u00bb\" class=\"box-button elementor-button elementor-size-sm\">M\u00e1s informaci\u00f3n<\/a>\n<\/div><\/article><\/div><div class=\"visible wf-cell\" data-post-id=\"96734\" data-date=\"2025-02-04T15:31:41+00:00\" data-name=\"5\u00aa edici\u00f3n &quot;Tecnolog\u00eda y turismo sostenible&quot;\"><article class=\"post visible post-96734 type-post status-publish format-standard has-post-thumbnail hentry category-ediciones-anteriores-es\" data-name=\"5\u00aa edici\u00f3n \u00abTecnolog\u00eda y turismo sostenible\u00bb\" data-date=\"2025-02-04T15:31:41+00:00\">\n\n\t<div class=\"post-thumbnail-wrap\">\n\t\t<div class=\"post-thumbnail\">\n\n\t\t\t<a class=\"post-thumbnail-rollover layzr-bg img-css-resize-wrapper\" aria-label=\"Post image\" href=\"https:\/\/forumturistic.com\/es\/5a-edicio-tecnologia-i-turisme-sostenible\/\"><img decoding=\"async\" width=\"1024\" height=\"768\" src=\"data:image\/svg+xml,%3Csvg%20xmlns%3D&#039;http%3A%2F%2Fwww.w3.org%2F2000%2Fsvg&#039;%20viewBox%3D&#039;0%200%201024%20768&#039;%2F%3E\" class=\"attachment-full size-full preload-me aspect lazy lazy-load\" alt=\"\" sizes=\"(max-width: 1024px) 100vw, 1024px\" style=\"--ratio: 1024 \/ 768;\" data-src=\"https:\/\/forumturistic.com\/wp-content\/uploads\/2025\/02\/Portada-entrada-5a-edicio.png\" loading=\"eager\" data-srcset=\"https:\/\/forumturistic.com\/wp-content\/uploads\/2025\/02\/Portada-entrada-5a-edicio.png 1024w, https:\/\/forumturistic.com\/wp-content\/uploads\/2025\/02\/Portada-entrada-5a-edicio-300x225.png 300w, https:\/\/forumturistic.com\/wp-content\/uploads\/2025\/02\/Portada-entrada-5a-edicio-768x576.png 768w\" \/><\/a>\n\t\t<\/div>\n\t<\/div>\n\n\n<div class=\"post-entry-content\">\n\n\t<h3 class=\"ele-entry-title\"><a href=\"https:\/\/forumturistic.com\/es\/5a-edicio-tecnologia-i-turisme-sostenible\/\" rel=\"bookmark\" title=\"5\u00aa edici\u00f3n \u00abTecnolog\u00eda y turismo sostenible\u00bb\">5\u00aa edici\u00f3n \u00abTecnolog\u00eda y turismo sostenible\u00bb<\/a><\/h3><div class=\"entry-meta\"><\/div><div class=\"entry-excerpt\"><p>Barcelona, 19 y 20 Abril 2017<\/p>\n<\/div><a href=\"https:\/\/forumturistic.com\/es\/5a-edicio-tecnologia-i-turisme-sostenible\/\" target=\"\" aria-label=\"Read more about 5\u00aa edici\u00f3n \u00abTecnolog\u00eda y turismo sostenible\u00bb\" class=\"box-button elementor-button elementor-size-sm\">M\u00e1s informaci\u00f3n<\/a>\n<\/div><\/article><\/div><div class=\"visible wf-cell\" data-post-id=\"96730\" data-date=\"2025-02-04T15:58:34+00:00\" data-name=\"4\u00aa edici\u00f3n &quot;ForumTurisTIC&quot;\"><article class=\"post visible post-96730 type-post status-publish format-standard has-post-thumbnail hentry category-ediciones-anteriores-es\" data-name=\"4\u00aa edici\u00f3n \u00abForumTurisTIC\u00bb\" data-date=\"2025-02-04T15:58:34+00:00\">\n\n\t<div class=\"post-thumbnail-wrap\">\n\t\t<div class=\"post-thumbnail\">\n\n\t\t\t<a class=\"post-thumbnail-rollover layzr-bg img-css-resize-wrapper\" aria-label=\"Post image\" href=\"https:\/\/forumturistic.com\/es\/4a-edicio-forumturistic\/\"><img decoding=\"async\" width=\"1024\" height=\"768\" src=\"data:image\/svg+xml,%3Csvg%20xmlns%3D&#039;http%3A%2F%2Fwww.w3.org%2F2000%2Fsvg&#039;%20viewBox%3D&#039;0%200%201024%20768&#039;%2F%3E\" class=\"attachment-full size-full preload-me aspect lazy lazy-load\" alt=\"\" sizes=\"(max-width: 1024px) 100vw, 1024px\" style=\"--ratio: 1024 \/ 768;\" data-src=\"https:\/\/forumturistic.com\/wp-content\/uploads\/2025\/02\/Portada-entrada-4a-edicio.png\" loading=\"eager\" data-srcset=\"https:\/\/forumturistic.com\/wp-content\/uploads\/2025\/02\/Portada-entrada-4a-edicio.png 1024w, https:\/\/forumturistic.com\/wp-content\/uploads\/2025\/02\/Portada-entrada-4a-edicio-300x225.png 300w, https:\/\/forumturistic.com\/wp-content\/uploads\/2025\/02\/Portada-entrada-4a-edicio-768x576.png 768w\" \/><\/a>\n\t\t<\/div>\n\t<\/div>\n\n\n<div class=\"post-entry-content\">\n\n\t<h3 class=\"ele-entry-title\"><a href=\"https:\/\/forumturistic.com\/es\/4a-edicio-forumturistic\/\" rel=\"bookmark\" title=\"4\u00aa edici\u00f3n \u00abForumTurisTIC\u00bb\">4\u00aa edici\u00f3n \u00abForumTurisTIC\u00bb<\/a><\/h3><div class=\"entry-meta\"><\/div><div class=\"entry-excerpt\"><p>Barcelona, 13 y 14 Abril 2016<\/p>\n<\/div><a href=\"https:\/\/forumturistic.com\/es\/4a-edicio-forumturistic\/\" target=\"\" aria-label=\"Read more about 4\u00aa edici\u00f3n \u00abForumTurisTIC\u00bb\" class=\"box-button elementor-button elementor-size-sm\">M\u00e1s informaci\u00f3n<\/a>\n<\/div><\/article><\/div><div class=\"visible wf-cell\" data-post-id=\"96727\" data-date=\"2025-02-04T16:05:46+00:00\" data-name=\"3\u00aa edici\u00f3n &quot;Forum TurisTIC&quot;\"><article class=\"post visible post-96727 type-post status-publish format-standard has-post-thumbnail hentry category-ediciones-anteriores-es\" data-name=\"3\u00aa edici\u00f3n \u00abForum TurisTIC\u00bb\" data-date=\"2025-02-04T16:05:46+00:00\">\n\n\t<div class=\"post-thumbnail-wrap\">\n\t\t<div class=\"post-thumbnail\">\n\n\t\t\t<a class=\"post-thumbnail-rollover layzr-bg img-css-resize-wrapper\" aria-label=\"Post image\" href=\"https:\/\/forumturistic.com\/es\/3a-edicio-forum-turistic\/\"><img decoding=\"async\" width=\"1024\" height=\"768\" src=\"data:image\/svg+xml,%3Csvg%20xmlns%3D&#039;http%3A%2F%2Fwww.w3.org%2F2000%2Fsvg&#039;%20viewBox%3D&#039;0%200%201024%20768&#039;%2F%3E\" class=\"attachment-full size-full preload-me aspect lazy lazy-load\" alt=\"\" sizes=\"(max-width: 1024px) 100vw, 1024px\" style=\"--ratio: 1024 \/ 768;\" data-src=\"https:\/\/forumturistic.com\/wp-content\/uploads\/2025\/02\/Portada-entrada-3a-edicio.png\" loading=\"eager\" data-srcset=\"https:\/\/forumturistic.com\/wp-content\/uploads\/2025\/02\/Portada-entrada-3a-edicio.png 1024w, https:\/\/forumturistic.com\/wp-content\/uploads\/2025\/02\/Portada-entrada-3a-edicio-300x225.png 300w, https:\/\/forumturistic.com\/wp-content\/uploads\/2025\/02\/Portada-entrada-3a-edicio-768x576.png 768w\" \/><\/a>\n\t\t<\/div>\n\t<\/div>\n\n\n<div class=\"post-entry-content\">\n\n\t<h3 class=\"ele-entry-title\"><a href=\"https:\/\/forumturistic.com\/es\/3a-edicio-forum-turistic\/\" rel=\"bookmark\" title=\"3\u00aa edici\u00f3n \u00abForum TurisTIC\u00bb\">3\u00aa edici\u00f3n \u00abForum TurisTIC\u00bb<\/a><\/h3><div class=\"entry-meta\"><\/div><div class=\"entry-excerpt\"><p>Barcelona, 15 y 16 Abril 2015<\/p>\n<\/div><a href=\"https:\/\/forumturistic.com\/es\/3a-edicio-forum-turistic\/\" target=\"\" aria-label=\"Read more about 3\u00aa edici\u00f3n \u00abForum TurisTIC\u00bb\" class=\"box-button elementor-button elementor-size-sm\">M\u00e1s informaci\u00f3n<\/a>\n<\/div><\/article><\/div><div class=\"visible wf-cell\" data-post-id=\"96716\" data-date=\"2025-02-05T08:39:22+00:00\" data-name=\"2\u00aa edici\u00f3n &quot;Forum TurisTIC&quot;\"><article class=\"post visible post-96716 type-post status-publish format-standard has-post-thumbnail hentry category-ediciones-anteriores-es\" data-name=\"2\u00aa edici\u00f3n \u00abForum TurisTIC\u00bb\" data-date=\"2025-02-05T08:39:22+00:00\">\n\n\t<div class=\"post-thumbnail-wrap\">\n\t\t<div class=\"post-thumbnail\">\n\n\t\t\t<a class=\"post-thumbnail-rollover layzr-bg img-css-resize-wrapper\" aria-label=\"Post image\" href=\"https:\/\/forumturistic.com\/es\/2a-edicio-forum-turistic\/\"><img decoding=\"async\" width=\"1024\" height=\"768\" src=\"data:image\/svg+xml,%3Csvg%20xmlns%3D&#039;http%3A%2F%2Fwww.w3.org%2F2000%2Fsvg&#039;%20viewBox%3D&#039;0%200%201024%20768&#039;%2F%3E\" class=\"attachment-full size-full preload-me aspect lazy lazy-load\" alt=\"\" sizes=\"(max-width: 1024px) 100vw, 1024px\" style=\"--ratio: 1024 \/ 768;\" data-src=\"https:\/\/forumturistic.com\/wp-content\/uploads\/2025\/02\/Portada-entrada-2a-edicio.png\" loading=\"eager\" data-srcset=\"https:\/\/forumturistic.com\/wp-content\/uploads\/2025\/02\/Portada-entrada-2a-edicio.png 1024w, https:\/\/forumturistic.com\/wp-content\/uploads\/2025\/02\/Portada-entrada-2a-edicio-300x225.png 300w, https:\/\/forumturistic.com\/wp-content\/uploads\/2025\/02\/Portada-entrada-2a-edicio-768x576.png 768w\" \/><\/a>\n\t\t<\/div>\n\t<\/div>\n\n\n<div class=\"post-entry-content\">\n\n\t<h3 class=\"ele-entry-title\"><a href=\"https:\/\/forumturistic.com\/es\/2a-edicio-forum-turistic\/\" rel=\"bookmark\" title=\"2\u00aa edici\u00f3n \u00abForum TurisTIC\u00bb\">2\u00aa edici\u00f3n \u00abForum TurisTIC\u00bb<\/a><\/h3><div class=\"entry-meta\"><\/div><div class=\"entry-excerpt\"><p>Barcelona, 2 y 3 Abril 2014<\/p>\n<\/div><a href=\"https:\/\/forumturistic.com\/es\/2a-edicio-forum-turistic\/\" target=\"\" aria-label=\"Read more about 2\u00aa edici\u00f3n \u00abForum TurisTIC\u00bb\" class=\"box-button elementor-button elementor-size-sm\">M\u00e1s informaci\u00f3n<\/a>\n<\/div><\/article><\/div><div class=\"visible wf-cell\" data-post-id=\"96708\" data-date=\"2025-02-05T08:48:32+00:00\" data-name=\"1\u00aa edici\u00f3n &quot;Forum TurisTIC&quot;\"><article class=\"post visible post-96708 type-post status-publish format-standard has-post-thumbnail hentry category-ediciones-anteriores-es\" data-name=\"1\u00aa edici\u00f3n \u00abForum TurisTIC\u00bb\" data-date=\"2025-02-05T08:48:32+00:00\">\n\n\t<div class=\"post-thumbnail-wrap\">\n\t\t<div class=\"post-thumbnail\">\n\n\t\t\t<a class=\"post-thumbnail-rollover layzr-bg img-css-resize-wrapper\" aria-label=\"Post image\" href=\"https:\/\/forumturistic.com\/es\/1a-edicio-forum-turistic\/\"><img decoding=\"async\" width=\"1024\" height=\"768\" src=\"data:image\/svg+xml,%3Csvg%20xmlns%3D&#039;http%3A%2F%2Fwww.w3.org%2F2000%2Fsvg&#039;%20viewBox%3D&#039;0%200%201024%20768&#039;%2F%3E\" class=\"attachment-full size-full preload-me aspect lazy lazy-load\" alt=\"\" sizes=\"(max-width: 1024px) 100vw, 1024px\" style=\"--ratio: 1024 \/ 768;\" data-src=\"https:\/\/forumturistic.com\/wp-content\/uploads\/2025\/02\/Portada-entrada-1a-edicio.png\" loading=\"eager\" data-srcset=\"https:\/\/forumturistic.com\/wp-content\/uploads\/2025\/02\/Portada-entrada-1a-edicio.png 1024w, https:\/\/forumturistic.com\/wp-content\/uploads\/2025\/02\/Portada-entrada-1a-edicio-300x225.png 300w, https:\/\/forumturistic.com\/wp-content\/uploads\/2025\/02\/Portada-entrada-1a-edicio-768x576.png 768w\" \/><\/a>\n\t\t<\/div>\n\t<\/div>\n\n\n<div class=\"post-entry-content\">\n\n\t<h3 class=\"ele-entry-title\"><a href=\"https:\/\/forumturistic.com\/es\/1a-edicio-forum-turistic\/\" rel=\"bookmark\" title=\"1\u00aa edici\u00f3n \u00abForum TurisTIC\u00bb\">1\u00aa edici\u00f3n \u00abForum TurisTIC\u00bb<\/a><\/h3><div class=\"entry-meta\"><\/div><div class=\"entry-excerpt\"><p>Barcelona, 21 y 22 Mayo 2013<\/p>\n<\/div><a href=\"https:\/\/forumturistic.com\/es\/1a-edicio-forum-turistic\/\" target=\"\" aria-label=\"Read more about 1\u00aa edici\u00f3n \u00abForum TurisTIC\u00bb\" class=\"box-button elementor-button elementor-size-sm\">M\u00e1s informaci\u00f3n<\/a>\n<\/div><\/article><\/div><\/div><!-- iso-container|iso-grid --><\/div>\t\t\t\t<\/div>\n\t\t\t\t<\/div>\n\t\t\t\t\t<\/div>\n\t\t\t\t<\/div>\n\t\t\t\t<\/div>\n\t\t","protected":false},"excerpt":{"rendered":"<p>EDICIONES ANTERIORES 12\u00aa edici\u00f3n &#8220;El superpoder del turismo en la conservaci\u00f3n del planeta&#8221; Barcelona, 3 octubre 2024 M\u00e1s informaci\u00f3n 11\u00aa edici\u00f3n &#8220;Inteligencia Artificial Aplicada al Turismo&#8221; Barcelona, 29 setembre 2023 M\u00e1s informaci\u00f3n 10\u00aa edici\u00f3n &#8220;Turismo e Innovaci\u00f3n: Reflexiones&#8221; Barcelona, 10 maig 2022 M\u00e1s informaci\u00f3n 9\u00aa edici\u00f3n &#8220;Turismo 2021: Hacia la transformaci\u00f3n digital y ecol\u00f3gica. Los&hellip;<\/p>\n","protected":false},"author":3,"featured_media":96630,"parent":0,"menu_order":7,"comment_status":"closed","ping_status":"closed","template":"elementor_header_footer","meta":{"footnotes":""},"class_list":["post-96711","page","type-page","status-publish","has-post-thumbnail","hentry"],"_links":{"self":[{"href":"https:\/\/forumturistic.com\/es\/wp-json\/wp\/v2\/pages\/96711","targetHints":{"allow":["GET"]}}],"collection":[{"href":"https:\/\/forumturistic.com\/es\/wp-json\/wp\/v2\/pages"}],"about":[{"href":"https:\/\/forumturistic.com\/es\/wp-json\/wp\/v2\/types\/page"}],"author":[{"embeddable":true,"href":"https:\/\/forumturistic.com\/es\/wp-json\/wp\/v2\/users\/3"}],"replies":[{"embeddable":true,"href":"https:\/\/forumturistic.com\/es\/wp-json\/wp\/v2\/comments?post=96711"}],"version-history":[{"count":1,"href":"https:\/\/forumturistic.com\/es\/wp-json\/wp\/v2\/pages\/96711\/revisions"}],"predecessor-version":[{"id":96864,"href":"https:\/\/forumturistic.com\/es\/wp-json\/wp\/v2\/pages\/96711\/revisions\/96864"}],"wp:featuredmedia":[{"embeddable":true,"href":"https:\/\/forumturistic.com\/es\/wp-json\/wp\/v2\/media\/96630"}],"wp:attachment":[{"href":"https:\/\/forumturistic.com\/es\/wp-json\/wp\/v2\/media?parent=96711"}],"curies":[{"name":"wp","href":"https:\/\/api.w.org\/{rel}","templated":true}]}}